{"id":2,"date":"2024-03-05T11:47:40","date_gmt":"2024-03-05T14:47:40","guid":{"rendered":"https:\/\/www.upfpra.org.ar\/sitio\/?page_id=2"},"modified":"2026-01-22T15:21:50","modified_gmt":"2026-01-22T18:21:50","slug":"pagina-ejemplo","status":"publish","type":"page","link":"https:\/\/www.upfpra.org.ar\/sitio\/pagina-ejemplo\/","title":{"rendered":"Autoridades"},"content":{"rendered":"\n<p class=\"has-text-align-left\"><strong>UNION PERSONAL DE F\u00c1BRICAS<\/strong> <strong>&nbsp;DE PINTURAS Y AFINES. R.A.<\/strong><\/p>\n\n\n\n<p class=\"has-text-align-left\"><strong>Comisi\u00f3n Directiva<\/strong> <strong>Y Comisi\u00f3n Revisora de Cuentas<\/strong><\/p>\n\n\n\n<p class=\"has-text-align-left\"><strong>Inicio de Mandato: 17 de Diciembre de 2025 &#8211; LISTA BLANCA<\/strong><\/p>\n\n\n\n<figure class=\"wp-block-table is-style-stripes\"><table class=\"has-fixed-layout\"><tbody><tr><td>Secretario General:<\/td><td><strong>ZAMBELLETTI<\/strong> Pedro Victorio&nbsp;<\/td><td>Disal S.A. (Bs. As.)<\/td><\/tr><tr><td>Secretario Adjunto:<\/td><td><strong>PAPESCHI<\/strong> Mariano Javier<\/td><td>Sinteplast S.A. (Bs.As.)<\/td><\/tr><tr><td>Sec. de Organizaci\u00f3n:<\/td><td><strong>GABILAN <\/strong>Eduardo Alberto<\/td><td>Akzo Nobel Arg. S.A. (Bs.As.)<\/td><\/tr><tr><td>Secretario Gremial:<\/td><td><strong>DE LORENZO<\/strong> Miguel \u00c1ngel<\/td><td>Cristacol S.A. (V. Mercedes, San Luis)<\/td><\/tr><tr><td>Tesorero:<\/td><td><strong>ESCUDERO<\/strong> Juan Alberto<\/td><td>Disal S.A. (V. Mercedes, San Luis)<\/td><\/tr><tr><td>Secretario de Actas:<\/td><td><strong>MARTORANI <\/strong>Virginia Mercedes<\/td><td>U.P.F.P.A. R.A. (Bs. As.)<\/td><\/tr><tr><td>Sec. de Acci\u00f3n Social:<\/td><td><strong>CABRERA <\/strong>Antonio Felix<\/td><td>Co.In.Sa. S.A. (Bs. As.)<\/td><\/tr><\/tbody><\/table><\/figure>\n\n\n\n<div style=\"height:30px\" aria-hidden=\"true\" class=\"wp-block-spacer\"><\/div>\n\n\n\n<p class=\"has-text-align-left\"><strong><u>Vocales Titulares<\/u><\/strong><\/p>\n\n\n\n<figure class=\"wp-block-table is-style-stripes\"><table class=\"has-fixed-layout\"><tbody><tr><td>Vocal Titular 1\u00b0:<\/td><td><strong>TORRES <\/strong>Juan Carlos&nbsp;<\/td><td>Prod. Venier S.A. (Bs.As.)<\/td><\/tr><tr><td>Vocal Titular 2\u00b0:<\/td><td><strong>ETCHEVERRI <\/strong>Claudio Nestor<\/td><td>Dixiquimica S.A. (Bs. As.)<\/td><\/tr><tr><td>Vocal Titular 3\u00b0:<\/td><td><strong>MI\u00d1O <\/strong>Cristian Gustavo<\/td><td>Vadex S.A. (Bs.As.)<\/td><\/tr><tr><td>Vocal Titular 4\u00b0:<\/td><td><strong>RAMIRES <\/strong>Alexis Ezequiel<\/td><td>Pinturas San Agustin S.R.L. (C\u00f3rdoba)<\/td><\/tr><tr><td>Vocal Titular 5\u00b0:<\/td><td><strong>GUZMAN <\/strong>Pablo Ariel<\/td><td>CIA. El Coati S.A. (Bs. As.)<\/td><\/tr><tr><td>Vocal Titular 6\u00b0:<\/td><td><strong>GOMEZ <\/strong>H\u00e9ctor Andr\u00e9s<\/td><td>Disal S.A. (San Luis)<\/td><\/tr><tr><td>Vocal Titular 7\u00b0:<\/td><td><strong>PEREZ SAN MARTIN <\/strong>Mar\u00eda Elena<\/td><td>Jubilada (Vilba S.A.)<\/td><\/tr><\/tbody><\/table><\/figure>\n\n\n\n<div style=\"height:30px\" aria-hidden=\"true\" class=\"wp-block-spacer\"><\/div>\n\n\n\n<p class=\"has-text-align-left\"><strong><u>Vocales Suplentes<\/u><\/strong><\/p>\n\n\n\n<figure class=\"wp-block-table is-style-stripes\"><table class=\"has-fixed-layout\"><tbody><tr><td>Vocal Suplente 1\u00b0: <\/td><td><strong>MARTI\u00d1UK <\/strong>Rub\u00e9n Antonio<\/td><td>Erpa S.A.C.I.F. (Bs.As.)<\/td><\/tr><tr><td>Vocal Suplente 2\u00b0: <\/td><td><strong>FERNANDEZ<\/strong> Guillermo Germ\u00e1n<\/td><td>MSI Pinturas S.R.L. (Bs.As.)<\/td><\/tr><tr><td>Vocal Suplente 3\u00b0: <\/td><td><strong>MARGHEIM<\/strong> Roberto Carlos<\/td><td>Sorbalok S.A. (Entre R\u00edos)<\/td><\/tr><tr><td>Vocal Suplente 4\u00b0: <\/td><td><strong>JOAQUIN <\/strong>Analia Veronica<\/td><td>Thinner Tede S.R.L. (Bs.As.)<\/td><\/tr><tr><td>Vocal Suplente 5\u00b0: <\/td><td><strong>AQUINO <\/strong>Ra\u00fal Eleuterio<\/td><td>Breves S.A. (Bs.As.) <\/td><\/tr><\/tbody><\/table><\/figure>\n\n\n\n<div style=\"height:50px\" aria-hidden=\"true\" class=\"wp-block-spacer\"><\/div>\n\n\n\n<p><strong><u>COMISION REVISORA DE CUENTAS<\/u><\/strong><\/p>\n\n\n\n<p class=\"has-text-align-left\"><strong><u>Vocales Titulares<\/u><\/strong><\/p>\n\n\n\n<figure class=\"wp-block-table is-style-stripes\"><table class=\"has-fixed-layout\"><tbody><tr><td>Vocal Titular 1\u00b0: &nbsp;&nbsp;&nbsp;<\/td><td><strong>PALMA<\/strong> Ram\u00f3n Antonio&nbsp;<\/td><td>Quim. del Norte S. A  (V. Mercedes, San Luis)<\/td><\/tr><tr><td>Vocal Titular 2\u00b0:&nbsp;<\/td><td><strong>MARTIN <\/strong>Estela Eugenia<\/td><td>Quitam S. A. (C\u00f3rdoba)<\/td><\/tr><tr><td>Vocal Titular 3\u00b0: &nbsp;&nbsp;<\/td><td><strong>HERRERA <\/strong>H\u00e9ctor Hugo<\/td><td>Basf Argentina S.A. (Bs.As.) <\/td><\/tr><\/tbody><\/table><\/figure>\n\n\n\n<div style=\"height:20px\" aria-hidden=\"true\" class=\"wp-block-spacer\"><\/div>\n\n\n\n<p class=\"has-text-align-left\"><strong><u>Vocales Suplentes<\/u><\/strong><\/p>\n\n\n\n<figure class=\"wp-block-table is-style-stripes\"><table class=\"has-fixed-layout\"><tbody><tr><td>Vocal Suplente 1\u00b0:<\/td><td><strong>GARCIA <\/strong>Jorge Adrian<\/td><td>Pulverlux S.A. (Bs.As.)<\/td><\/tr><tr><td>Vocal Suplente 2\u00b0: &nbsp;<\/td><td><strong>AYUNTA <\/strong>Maximiliano Alejandro<\/td><td>Pinturas Silox S.A. (Bs.As.)<\/td><\/tr><tr><td>Vocal Suplente 3\u00b0:&nbsp;<\/td><td><strong>ALFARO <\/strong>Diego Carlos&nbsp;<\/td><td>Tekno Arg. S.A. (Mendoza)<\/td><\/tr><\/tbody><\/table><\/figure>\n","protected":false},"excerpt":{"rendered":"<p>UNION PERSONAL DE F\u00c1BRICAS &nbsp;DE PINTURAS Y AFINES. R.A. Comisi\u00f3n Directiva Y Comisi\u00f3n Revisora de Cuentas Inicio de Mandato: 17 de Diciembre de 2025 &#8211; LISTA BLANCA Secretario General: ZAMBELLETTI Pedro Victorio&nbsp; Disal S.A. (Bs. As.) Secretario Adjunto: PAPESCHI Mariano Javier Sinteplast S.A. (Bs.As.) Sec. &hellip; <\/p>\n","protected":false},"author":1,"featured_media":0,"parent":0,"menu_order":0,"comment_status":"closed","ping_status":"open","template":"","meta":{"footnotes":""},"class_list":["post-2","page","type-page","status-publish","hentry"],"_links":{"self":[{"href":"https:\/\/www.upfpra.org.ar\/sitio\/wp-json\/wp\/v2\/pages\/2","targetHints":{"allow":["GET"]}}],"collection":[{"href":"https:\/\/www.upfpra.org.ar\/sitio\/wp-json\/wp\/v2\/pages"}],"about":[{"href":"https:\/\/www.upfpra.org.ar\/sitio\/wp-json\/wp\/v2\/types\/page"}],"author":[{"embeddable":true,"href":"https:\/\/www.upfpra.org.ar\/sitio\/wp-json\/wp\/v2\/users\/1"}],"replies":[{"embeddable":true,"href":"https:\/\/www.upfpra.org.ar\/sitio\/wp-json\/wp\/v2\/comments?post=2"}],"version-history":[{"count":49,"href":"https:\/\/www.upfpra.org.ar\/sitio\/wp-json\/wp\/v2\/pages\/2\/revisions"}],"predecessor-version":[{"id":728,"href":"https:\/\/www.upfpra.org.ar\/sitio\/wp-json\/wp\/v2\/pages\/2\/revisions\/728"}],"wp:attachment":[{"href":"https:\/\/www.upfpra.org.ar\/sitio\/wp-json\/wp\/v2\/media?parent=2"}],"curies":[{"name":"wp","href":"https:\/\/api.w.org\/{rel}","templated":true}]}}